 {"id":515,"date":"2014-07-22T15:38:12","date_gmt":"2014-07-22T14:38:12","guid":{"rendered":"http:\/\/www.fautras-rhone-alpes.com\/?page_id=515"},"modified":"2018-10-23T17:30:00","modified_gmt":"2018-10-23T16:30:00","slug":"vans-equestres-personnalisation","status":"publish","type":"page","link":"https:\/\/www.fautras.it\/fr\/les-produits\/fautras-equestre\/vans-equestres-personnalisation\/","title":{"rendered":"Vans \u00e9questres &#8211; PERSONNALISATION"},"content":{"rendered":"<div class=\"space\"><\/div>\n<p><a title=\"OPTIONS\" href=\"http:\/\/www.fautras.it\/wp-content\/uploads\/2014\/10\/Fiche-Option-Fr-Esp.pdf\" target=\"_blank\"><img loading=\"lazy\" decoding=\"async\" class=\"alignright size-full wp-image-1071\" src=\"http:\/\/www.fautras.it\/wp-content\/uploads\/2014\/07\/download-italiano.jpg\" alt=\"download-italiano\" width=\"23\" height=\"15\" \/><img loading=\"lazy\" decoding=\"async\" class=\"alignright size-full wp-image-1070\" src=\"http:\/\/www.fautras.it\/wp-content\/uploads\/2014\/07\/download-english.jpg\" alt=\"download-english\" width=\"25\" height=\"15\" \/><\/a><\/p>\n<h3 class=\"lined color1\">Options pour l&rsquo;ensemble des gammes<span><\/span><\/h3>\n<div class=\"slidable\">\n<div class=\"slide\">\n<div class=\"boxgroup\">\n<div class=\"grid4\">\n<div class=\"box color2\">\n<h5 class=\" color1\">Coffre de courtoisie avec miroir<\/h5>\n<div id=\"attachment_880\" style=\"width: 251px\" class=\"wp-caption aligncenter\"><img loading=\"lazy\" decoding=\"async\" aria-describedby=\"caption-attachment-880\" class=\"size-full wp-image-880\" src=\"http:\/\/www.fautras.it\/wp-content\/uploads\/2014\/07\/coffre-courtoisie.jpg\" alt=\"Coffre de courtoisie avec miroir\" width=\"241\" height=\"185\" \/><p id=\"caption-attachment-880\" class=\"wp-caption-text\">Coffre de courtoisie avec miroir<\/p><\/div>\n<\/div>\n<\/div>\n<div class=\"grid4\">\n<div class=\"box color2\">\n<h5 class=\" color1\">Mangeoire<\/h5>\n<div id=\"attachment_521\" style=\"width: 237px\" class=\"wp-caption aligncenter\"><a href=\"http:\/\/www.fautras.it\/wp-content\/uploads\/2014\/07\/mangeoire.jpg\"><img loading=\"lazy\" decoding=\"async\" aria-describedby=\"caption-attachment-521\" class=\"wp-image-521\" src=\"http:\/\/www.fautras.it\/wp-content\/uploads\/2014\/07\/mangeoire-271x203.jpg\" alt=\"Mangeoire amovible avec supports (int\u00e9rieures ou ext\u00e9rieures)\" width=\"227\" height=\"170\" srcset=\"https:\/\/www.fautras.it\/wp-content\/uploads\/2014\/07\/mangeoire-271x203.jpg 271w, https:\/\/www.fautras.it\/wp-content\/uploads\/2014\/07\/mangeoire-300x225.jpg 300w, https:\/\/www.fautras.it\/wp-content\/uploads\/2014\/07\/mangeoire-371x278.jpg 371w, https:\/\/www.fautras.it\/wp-content\/uploads\/2014\/07\/mangeoire.jpg 400w\" sizes=\"(max-width: 227px) 100vw, 227px\" \/><\/a><p id=\"caption-attachment-521\" class=\"wp-caption-text\">Mangeoire amovible avec supports (int\u00e9rieures ou ext\u00e9rieures)<\/p><\/div>\n<\/div>\n<\/div>\n<div class=\"grid4\">\n<div class=\"box color2\">\n<h5 class=\" color1\">Echelle + galerie<\/h5>\n<div id=\"attachment_522\" style=\"width: 237px\" class=\"wp-caption aligncenter\"><a href=\"http:\/\/www.fautras.it\/wp-content\/uploads\/2014\/07\/echelle-galerie.jpg\"><img loading=\"lazy\" decoding=\"async\" aria-describedby=\"caption-attachment-522\" class=\"wp-image-522\" src=\"http:\/\/www.fautras.it\/wp-content\/uploads\/2014\/07\/echelle-galerie-271x203.jpg\" alt=\"Echelle et galerie\" width=\"227\" height=\"170\" srcset=\"https:\/\/www.fautras.it\/wp-content\/uploads\/2014\/07\/echelle-galerie-271x203.jpg 271w, https:\/\/www.fautras.it\/wp-content\/uploads\/2014\/07\/echelle-galerie-300x225.jpg 300w, https:\/\/www.fautras.it\/wp-content\/uploads\/2014\/07\/echelle-galerie-371x278.jpg 371w, https:\/\/www.fautras.it\/wp-content\/uploads\/2014\/07\/echelle-galerie.jpg 400w\" sizes=\"(max-width: 227px) 100vw, 227px\" \/><\/a><p id=\"caption-attachment-522\" class=\"wp-caption-text\">Echelle et galerie<\/p><\/div>\n<\/div>\n<\/div>\n<\/div>\n<\/div>\n<div class=\"slide\">\n<div class=\"boxgroup\">\n<div class=\"grid4\">\n<div class=\"box color2\">\n<h5 class=\" color1\">Enjoliveurs<\/h5>\n<div id=\"attachment_524\" style=\"width: 237px\" class=\"wp-caption aligncenter\"><a href=\"http:\/\/www.fautras.it\/wp-content\/uploads\/2014\/07\/enjoliveurs.jpg\"><img loading=\"lazy\" decoding=\"async\" aria-describedby=\"caption-attachment-524\" class=\"wp-image-524\" src=\"http:\/\/www.fautras.it\/wp-content\/uploads\/2014\/07\/enjoliveurs.jpg\" alt=\"Jeu de 4 enjoliveurs\" width=\"227\" height=\"170\" srcset=\"https:\/\/www.fautras.it\/wp-content\/uploads\/2014\/07\/enjoliveurs.jpg 400w, https:\/\/www.fautras.it\/wp-content\/uploads\/2014\/07\/enjoliveurs-300x225.jpg 300w, https:\/\/www.fautras.it\/wp-content\/uploads\/2014\/07\/enjoliveurs-371x278.jpg 371w, https:\/\/www.fautras.it\/wp-content\/uploads\/2014\/07\/enjoliveurs-271x203.jpg 271w\" sizes=\"(max-width: 227px) 100vw, 227px\" \/><\/a><p id=\"caption-attachment-524\" class=\"wp-caption-text\">Jeu de 4 enjoliveurs<\/p><\/div>\n<\/div>\n<\/div>\n<div class=\"grid4\">\n<div class=\"box color2\">\n<h5 class=\" color1\">Trailer Cam\u00ae<\/h5>\n<div id=\"attachment_525\" style=\"width: 237px\" class=\"wp-caption aligncenter\"><a href=\"http:\/\/www.fautras.it\/wp-content\/uploads\/2014\/07\/Trailer-Cam.jpg\"><img loading=\"lazy\" decoding=\"async\" aria-describedby=\"caption-attachment-525\" class=\"wp-image-525\" src=\"http:\/\/www.fautras.it\/wp-content\/uploads\/2014\/07\/Trailer-Cam.jpg\" alt=\"Cam\u00e9ra de surveillance Wi-Fi\" width=\"227\" height=\"170\" srcset=\"https:\/\/www.fautras.it\/wp-content\/uploads\/2014\/07\/Trailer-Cam.jpg 400w, https:\/\/www.fautras.it\/wp-content\/uploads\/2014\/07\/Trailer-Cam-300x225.jpg 300w, https:\/\/www.fautras.it\/wp-content\/uploads\/2014\/07\/Trailer-Cam-371x278.jpg 371w, https:\/\/www.fautras.it\/wp-content\/uploads\/2014\/07\/Trailer-Cam-271x203.jpg 271w\" sizes=\"(max-width: 227px) 100vw, 227px\" \/><\/a><p id=\"caption-attachment-525\" class=\"wp-caption-text\">Cam\u00e9ra de surveillance Wi-Fi<\/p><\/div>\n<\/div>\n<\/div>\n<div class=\"grid4\">\n<div class=\"box color2\">\n<h5 class=\" color1\">Trailer Aid\u00ae<\/h5>\n<div id=\"attachment_526\" style=\"width: 237px\" class=\"wp-caption aligncenter\"><a href=\"http:\/\/www.fautras.it\/wp-content\/uploads\/2014\/07\/trailer_aid1.jpg\"><img loading=\"lazy\" decoding=\"async\" aria-describedby=\"caption-attachment-526\" class=\"wp-image-526\" src=\"http:\/\/www.fautras.it\/wp-content\/uploads\/2014\/07\/trailer_aid1.jpg\" alt=\"Trailer Aid\" width=\"227\" height=\"170\" srcset=\"https:\/\/www.fautras.it\/wp-content\/uploads\/2014\/07\/trailer_aid1.jpg 400w, https:\/\/www.fautras.it\/wp-content\/uploads\/2014\/07\/trailer_aid1-300x225.jpg 300w, https:\/\/www.fautras.it\/wp-content\/uploads\/2014\/07\/trailer_aid1-371x278.jpg 371w, https:\/\/www.fautras.it\/wp-content\/uploads\/2014\/07\/trailer_aid1-271x203.jpg 271w\" sizes=\"(max-width: 227px) 100vw, 227px\" \/><\/a><p id=\"caption-attachment-526\" class=\"wp-caption-text\">Trailer Aid<\/p><\/div>\n<\/div>\n<\/div>\n<\/div>\n<\/div>\n<div class=\"slide\">\n<div class=\"boxgroup\">\n<div class=\"grid4\">\n<div class=\"box color2\">\n<h5 class=\" color1\">Barre d&rsquo;\u00e9loignement<\/h5>\n<div id=\"attachment_528\" style=\"width: 237px\" class=\"wp-caption aligncenter\"><a href=\"http:\/\/www.fautras.it\/wp-content\/uploads\/2014\/07\/barre-eloignement.jpg\"><img loading=\"lazy\" decoding=\"async\" aria-describedby=\"caption-attachment-528\" class=\"wp-image-528\" src=\"http:\/\/www.fautras.it\/wp-content\/uploads\/2014\/07\/barre-eloignement.jpg\" alt=\"Barre d\u2019\u00e9loignement avec v\u00e9rins compensateurs\" width=\"227\" height=\"170\" srcset=\"https:\/\/www.fautras.it\/wp-content\/uploads\/2014\/07\/barre-eloignement.jpg 400w, https:\/\/www.fautras.it\/wp-content\/uploads\/2014\/07\/barre-eloignement-300x225.jpg 300w, https:\/\/www.fautras.it\/wp-content\/uploads\/2014\/07\/barre-eloignement-371x278.jpg 371w, https:\/\/www.fautras.it\/wp-content\/uploads\/2014\/07\/barre-eloignement-271x203.jpg 271w\" sizes=\"(max-width: 227px) 100vw, 227px\" \/><\/a><p id=\"caption-attachment-528\" class=\"wp-caption-text\">Barre d\u2019\u00e9loignement avec v\u00e9rins compensateurs<\/p><\/div>\n<\/div>\n<\/div>\n<div class=\"grid4\">\n<div class=\"box color2\">\n<h5 class=\" color1\">Logo<\/h5>\n<div id=\"attachment_529\" style=\"width: 237px\" class=\"wp-caption aligncenter\"><a href=\"http:\/\/www.fautras.it\/wp-content\/uploads\/2014\/07\/logo-personnalisation.jpg\"><img loading=\"lazy\" decoding=\"async\" aria-describedby=\"caption-attachment-529\" class=\"wp-image-529\" src=\"http:\/\/www.fautras.it\/wp-content\/uploads\/2014\/07\/logo-personnalisation.jpg\" alt=\"Logo personnalis\u00e9 300x600 mm (livr\u00e9 pr\u00eat \u00e0 poser\" width=\"227\" height=\"170\" srcset=\"https:\/\/www.fautras.it\/wp-content\/uploads\/2014\/07\/logo-personnalisation.jpg 400w, https:\/\/www.fautras.it\/wp-content\/uploads\/2014\/07\/logo-personnalisation-300x225.jpg 300w, https:\/\/www.fautras.it\/wp-content\/uploads\/2014\/07\/logo-personnalisation-371x278.jpg 371w, https:\/\/www.fautras.it\/wp-content\/uploads\/2014\/07\/logo-personnalisation-271x203.jpg 271w\" sizes=\"(max-width: 227px) 100vw, 227px\" \/><\/a><p id=\"caption-attachment-529\" class=\"wp-caption-text\">Logo personnalis\u00e9 300&#215;600 mm (livr\u00e9 pr\u00eat \u00e0 poser<\/p><\/div>\n<\/div>\n<\/div>\n<\/div>\n<\/div>\n<\/div>\n<h3 class=\"lined color1\">Options uniquement sur transport droit<span><\/span><\/h3>\n<div class=\"slidable\">\n<div class=\"slide\">\n<div class=\"boxgroup\">\n<div class=\"grid4\">\n<div class=\"box color2\">\n<h5 class=\" color1\">2\u00e8me sortie avant<\/h5>\n<div id=\"attachment_247\" style=\"width: 237px\" class=\"wp-caption aligncenter\"><a href=\"http:\/\/www.fautras.it\/wp-content\/uploads\/2014\/07\/sortie-avant.jpg\"><img loading=\"lazy\" decoding=\"async\" aria-describedby=\"caption-attachment-247\" class=\"wp-image-247\" src=\"http:\/\/www.fautras.it\/wp-content\/uploads\/2014\/07\/sortie-avant.jpg\" alt=\"\u2022 Un d\u00e9barquement en avan\u00e7ant \u2022 Un acc\u00e8s facile aux chevaux \u2022 Une bonne a\u00e9ration \u00e0 l\u2019arr\u00eat\" width=\"227\" height=\"170\" srcset=\"https:\/\/www.fautras.it\/wp-content\/uploads\/2014\/07\/sortie-avant.jpg 400w, https:\/\/www.fautras.it\/wp-content\/uploads\/2014\/07\/sortie-avant-300x225.jpg 300w, https:\/\/www.fautras.it\/wp-content\/uploads\/2014\/07\/sortie-avant-371x278.jpg 371w, https:\/\/www.fautras.it\/wp-content\/uploads\/2014\/07\/sortie-avant-271x203.jpg 271w\" sizes=\"(max-width: 227px) 100vw, 227px\" \/><\/a><p id=\"caption-attachment-247\" class=\"wp-caption-text\">\u2022 Un d\u00e9barquement en avan\u00e7ant \u2022 Un acc\u00e8s facile aux chevaux \u2022 Une bonne a\u00e9ration \u00e0 l\u2019arr\u00eat<\/p><\/div>\n<\/div>\n<\/div>\n<div class=\"grid4\">\n<div class=\"box color2\">\n<h5 class=\" color1\">Aid System<\/h5>\n<div id=\"attachment_205\" style=\"width: 237px\" class=\"wp-caption aligncenter\"><a href=\"http:\/\/www.fautras.it\/wp-content\/uploads\/2014\/07\/aid-system.jpg\"><img loading=\"lazy\" decoding=\"async\" aria-describedby=\"caption-attachment-205\" class=\"wp-image-205\" src=\"http:\/\/www.fautras.it\/wp-content\/uploads\/2014\/07\/aid-system.jpg\" alt=\"Portillon de recul manipulable de l\u2019avant. BREVET FAUTRAS.\" width=\"227\" height=\"170\" srcset=\"https:\/\/www.fautras.it\/wp-content\/uploads\/2014\/07\/aid-system.jpg 400w, https:\/\/www.fautras.it\/wp-content\/uploads\/2014\/07\/aid-system-300x225.jpg 300w, https:\/\/www.fautras.it\/wp-content\/uploads\/2014\/07\/aid-system-371x278.jpg 371w, https:\/\/www.fautras.it\/wp-content\/uploads\/2014\/07\/aid-system-271x203.jpg 271w\" sizes=\"(max-width: 227px) 100vw, 227px\" \/><\/a><p id=\"caption-attachment-205\" class=\"wp-caption-text\">Portillon de recul manipulable de l\u2019avant. BREVET FAUTRAS.<\/p><\/div>\n<\/div>\n<\/div>\n<div class=\"grid4\">\n<div class=\"box color2\">\n<h5 class=\" color1\">Baie coulissante<\/h5>\n<div id=\"attachment_532\" style=\"width: 237px\" class=\"wp-caption aligncenter\"><a href=\"http:\/\/www.fautras.it\/wp-content\/uploads\/2014\/07\/Baies-Coulissantes.jpg\"><img loading=\"lazy\" decoding=\"async\" aria-describedby=\"caption-attachment-532\" class=\"wp-image-532\" src=\"http:\/\/www.fautras.it\/wp-content\/uploads\/2014\/07\/Baies-Coulissantes.jpg\" alt=\"Baie coulissante lat\u00e9rale 400x600 mm en verre s\u00e9curit et grille de protection\" width=\"227\" height=\"170\" srcset=\"https:\/\/www.fautras.it\/wp-content\/uploads\/2014\/07\/Baies-Coulissantes.jpg 400w, https:\/\/www.fautras.it\/wp-content\/uploads\/2014\/07\/Baies-Coulissantes-300x225.jpg 300w, https:\/\/www.fautras.it\/wp-content\/uploads\/2014\/07\/Baies-Coulissantes-371x278.jpg 371w, https:\/\/www.fautras.it\/wp-content\/uploads\/2014\/07\/Baies-Coulissantes-271x203.jpg 271w\" sizes=\"(max-width: 227px) 100vw, 227px\" \/><\/a><p id=\"caption-attachment-532\" class=\"wp-caption-text\">Baie coulissante lat\u00e9rale 400&#215;600 mm en verre s\u00e9curit et grille de protection<\/p><\/div>\n<\/div>\n<\/div>\n<\/div>\n<\/div>\n<div class=\"slide\">\n<div class=\"boxgroup\">\n<div class=\"grid4\">\n<div class=\"box color2\">\n<h5 class=\" color1\">Coffre \u00e0 selle<\/h5>\n<div id=\"attachment_533\" style=\"width: 237px\" class=\"wp-caption aligncenter\"><a href=\"http:\/\/www.fautras.it\/wp-content\/uploads\/2014\/07\/Coffre-selle.jpg\"><img loading=\"lazy\" decoding=\"async\" aria-describedby=\"caption-attachment-533\" class=\"wp-image-533\" src=\"http:\/\/www.fautras.it\/wp-content\/uploads\/2014\/07\/Coffre-selle.jpg\" alt=\"Coffre \u00e0 selles  avec porte pour selles classiques, selles am\u00e9ricaines et selles de randonn\u00e9es\" width=\"227\" height=\"170\" srcset=\"https:\/\/www.fautras.it\/wp-content\/uploads\/2014\/07\/Coffre-selle.jpg 400w, https:\/\/www.fautras.it\/wp-content\/uploads\/2014\/07\/Coffre-selle-300x225.jpg 300w, https:\/\/www.fautras.it\/wp-content\/uploads\/2014\/07\/Coffre-selle-371x278.jpg 371w, https:\/\/www.fautras.it\/wp-content\/uploads\/2014\/07\/Coffre-selle-271x203.jpg 271w\" sizes=\"(max-width: 227px) 100vw, 227px\" \/><\/a><p id=\"caption-attachment-533\" class=\"wp-caption-text\">Coffre \u00e0 selles avec porte pour selles classiques, selles am\u00e9ricaines et selles de randonn\u00e9es<\/p><\/div>\n<\/div>\n<\/div>\n<\/div>\n<\/div>\n<\/div>\n<h3 class=\"lined color1\">Options uniquement sur transport en diagonale<span><\/span><\/h3>\n<div class=\"slidable\">\n<div class=\"slide\">\n<div class=\"boxgroup\">\n<div class=\"grid4\">\n<div class=\"box color2\">\n<h5 class=\" color1\">Ouverture lat\u00e9rale<\/h5>\n<div id=\"attachment_250\" style=\"width: 237px\" class=\"wp-caption aligncenter\"><a href=\"http:\/\/www.fautras.it\/wp-content\/uploads\/2014\/07\/ouverture-estivale.jpg\"><img loading=\"lazy\" decoding=\"async\" aria-describedby=\"caption-attachment-250\" class=\"wp-image-250\" src=\"http:\/\/www.fautras.it\/wp-content\/uploads\/2014\/07\/ouverture-estivale.jpg\" alt=\"Auvent lat\u00e9ral donnant acc\u00e8s \u00e0 la t\u00eate des chevaux (en option).\" width=\"227\" height=\"170\" srcset=\"https:\/\/www.fautras.it\/wp-content\/uploads\/2014\/07\/ouverture-estivale.jpg 400w, https:\/\/www.fautras.it\/wp-content\/uploads\/2014\/07\/ouverture-estivale-300x225.jpg 300w, https:\/\/www.fautras.it\/wp-content\/uploads\/2014\/07\/ouverture-estivale-371x278.jpg 371w, https:\/\/www.fautras.it\/wp-content\/uploads\/2014\/07\/ouverture-estivale-271x203.jpg 271w\" sizes=\"(max-width: 227px) 100vw, 227px\" \/><\/a><p id=\"caption-attachment-250\" class=\"wp-caption-text\">Ouverture lat\u00e9rale pour plus d&rsquo;a\u00e9ration \u00e0 l&rsquo;arr\u00eat.<\/p><\/div>\n<\/div>\n<\/div>\n<div class=\"grid4\">\n<div class=\"box color2\">\n<h5 class=\" color1\">Espace de rangement<\/h5>\n<div id=\"attachment_536\" style=\"width: 237px\" class=\"wp-caption aligncenter\"><a href=\"http:\/\/www.fautras.it\/wp-content\/uploads\/2014\/07\/rangement-arriere.jpg\"><img loading=\"lazy\" decoding=\"async\" aria-describedby=\"caption-attachment-536\" class=\"wp-image-536\" src=\"http:\/\/www.fautras.it\/wp-content\/uploads\/2014\/07\/rangement-arriere.jpg\" alt=\"Espace de rangement arri\u00e8re\" width=\"227\" height=\"170\" srcset=\"https:\/\/www.fautras.it\/wp-content\/uploads\/2014\/07\/rangement-arriere.jpg 400w, https:\/\/www.fautras.it\/wp-content\/uploads\/2014\/07\/rangement-arriere-300x225.jpg 300w, https:\/\/www.fautras.it\/wp-content\/uploads\/2014\/07\/rangement-arriere-371x278.jpg 371w, https:\/\/www.fautras.it\/wp-content\/uploads\/2014\/07\/rangement-arriere-271x203.jpg 271w\" sizes=\"(max-width: 227px) 100vw, 227px\" \/><\/a><p id=\"caption-attachment-536\" class=\"wp-caption-text\">Espace de rangement arri\u00e8re<\/p><\/div>\n<\/div>\n<\/div>\n<div class=\"grid4\">\n<div class=\"box color2\">\n<h5 class=\" color1\">Pont avant<\/h5>\n<div id=\"attachment_537\" style=\"width: 237px\" class=\"wp-caption aligncenter\"><a href=\"http:\/\/www.fautras.it\/wp-content\/uploads\/2014\/07\/pont-avant.jpg\"><img loading=\"lazy\" decoding=\"async\" aria-describedby=\"caption-attachment-537\" class=\"wp-image-537\" src=\"http:\/\/www.fautras.it\/wp-content\/uploads\/2014\/07\/pont-avant.jpg\" alt=\"Pont avant \u00e0 la place du portillon de s\u00e9rie\" width=\"227\" height=\"170\" srcset=\"https:\/\/www.fautras.it\/wp-content\/uploads\/2014\/07\/pont-avant.jpg 400w, https:\/\/www.fautras.it\/wp-content\/uploads\/2014\/07\/pont-avant-300x225.jpg 300w, https:\/\/www.fautras.it\/wp-content\/uploads\/2014\/07\/pont-avant-371x278.jpg 371w, https:\/\/www.fautras.it\/wp-content\/uploads\/2014\/07\/pont-avant-271x203.jpg 271w\" sizes=\"(max-width: 227px) 100vw, 227px\" \/><\/a><p id=\"caption-attachment-537\" class=\"wp-caption-text\">Pont avant \u00e0 la place du portillon de s\u00e9rie<\/p><\/div>\n<\/div>\n<\/div>\n<\/div>\n<\/div>\n<div class=\"slide\">\n<div class=\"boxgroup\">\n<div class=\"grid4\">\n<div class=\"box color2\">\n<h5 class=\" color1\">Bas-flancs<\/h5>\n<div id=\"attachment_538\" style=\"width: 237px\" class=\"wp-caption aligncenter\"><a href=\"http:\/\/www.fautras.it\/wp-content\/uploads\/2014\/07\/bas-flancs-elevage.jpg\"><img loading=\"lazy\" decoding=\"async\" aria-describedby=\"caption-attachment-538\" class=\"wp-image-538\" src=\"http:\/\/www.fautras.it\/wp-content\/uploads\/2014\/07\/bas-flancs-elevage.jpg\" alt=\"Jeu de bas-flancs \u00e9levage FAUTRAS TECH id\u00e9al pour s\u00e9parer les \u00e9talons des juments\" width=\"227\" height=\"170\" srcset=\"https:\/\/www.fautras.it\/wp-content\/uploads\/2014\/07\/bas-flancs-elevage.jpg 400w, https:\/\/www.fautras.it\/wp-content\/uploads\/2014\/07\/bas-flancs-elevage-300x225.jpg 300w, https:\/\/www.fautras.it\/wp-content\/uploads\/2014\/07\/bas-flancs-elevage-371x278.jpg 371w, https:\/\/www.fautras.it\/wp-content\/uploads\/2014\/07\/bas-flancs-elevage-271x203.jpg 271w\" sizes=\"(max-width: 227px) 100vw, 227px\" \/><\/a><p id=\"caption-attachment-538\" class=\"wp-caption-text\">Jeu de bas-flancs \u00e9levage FAUTRAS TECH id\u00e9al pour s\u00e9parer les \u00e9talons des juments<\/p><\/div>\n<\/div>\n<\/div>\n<\/div>\n<\/div>\n<\/div>\n","protected":false},"excerpt":{"rendered":"","protected":false},"author":3,"featured_media":0,"parent":136,"menu_order":0,"comment_status":"closed","ping_status":"closed","template":"","meta":{"footnotes":""},"_links":{"self":[{"href":"https:\/\/www.fautras.it\/fr\/wp-json\/wp\/v2\/pages\/515\/"}],"collection":[{"href":"https:\/\/www.fautras.it\/fr\/wp-json\/wp\/v2\/pages\/"}],"about":[{"href":"https:\/\/www.fautras.it\/fr\/wp-json\/wp\/v2\/types\/page\/"}],"author":[{"embeddable":true,"href":"https:\/\/www.fautras.it\/fr\/wp-json\/wp\/v2\/users\/3\/"}],"replies":[{"embeddable":true,"href":"https:\/\/www.fautras.it\/fr\/wp-json\/wp\/v2\/comments\/?post=515"}],"version-history":[{"count":0,"href":"https:\/\/www.fautras.it\/fr\/wp-json\/wp\/v2\/pages\/515\/revisions\/"}],"up":[{"embeddable":true,"href":"https:\/\/www.fautras.it\/fr\/wp-json\/wp\/v2\/pages\/136\/"}],"wp:attachment":[{"href":"https:\/\/www.fautras.it\/fr\/wp-json\/wp\/v2\/media\/?parent=515"}],"curies":[{"name":"wp","href":"https:\/\/api.w.org\/{rel}","templated":true}]}}