 {"id":451,"date":"2014-07-22T08:32:28","date_gmt":"2014-07-22T07:32:28","guid":{"rendered":"http:\/\/www.fautras-rhone-alpes.com\/?page_id=451"},"modified":"2018-10-23T17:26:34","modified_gmt":"2018-10-23T16:26:34","slug":"camion-vl-duras","status":"publish","type":"page","link":"https:\/\/www.fautras.it\/fr\/les-produits\/fautras-equestre\/camion-vl-duras\/","title":{"rendered":"Camion VL &#8211; DURAS"},"content":{"rendered":"<div class=\"space\"><\/div>\n<h3 class=\"lined color1\">La gamme DURAS en quelques mots<span><\/span><\/h3>\n<div class=\"row\">\n<div class=\"grid8\">\n<p><strong>Camions VL 3 \u00e0 5 places assises homologu\u00e9es, 2 places chevaux t\u00eate arri\u00e8re ou en diagonale selon versions.<\/strong><\/p>\n<p><strong>ULTRA MODULARIT\u00c9<\/strong><\/p>\n<p>La totalit\u00e9 des \u00e9quipements int\u00e9rieurs du DURAS est d\u00e9montable en quelques instants sans aucun outil : une fois la s\u00e9paration, le coffre et la grille retir\u00e9s, vous disposez de 13 m3 de volume utile.<\/p>\n<p><strong>L&rsquo;option coffre-stalle :<\/strong> le coffre arri\u00e8re, associ\u00e9 \u00e0 une grille, s\u00e9curise la porte arri\u00e8re et vous permet d\u2019acc\u00e9der \u00e0 la t\u00eate des chevaux ind\u00e9pendamment. Il vous offre de 1,5 m3 de rangement suppl\u00e9mentaire pour vos selles, brides, mat\u00e9riel&#8230;<\/p>\n<p><strong>Le pare-choc arri\u00e8re<\/strong> \u00e9tant ind\u00e9pendant de la caisse du camion, peut \u00eatre facilement remplac\u00e9 en cas d\u2019accrochage (boulonn\u00e9 uniquement).<\/p>\n<p><strong>Pratique :<\/strong> la banquette (3 places homologu\u00e9es) se transforme en une couchette de 0,8 m de large en seulement 2 mouvements.<\/p>\n<p><strong>Deux mod\u00e8les disponibles : le DURAS et le DURAS Elite. 4 versions d&rsquo;am\u00e9nagement sont possibles.<br \/>\n<\/strong><\/p>\n<div id=\"attachment_827\" style=\"width: 583px\" class=\"wp-caption aligncenter\"><img loading=\"lazy\" decoding=\"async\" aria-describedby=\"caption-attachment-827\" class=\"size-full wp-image-827\" src=\"http:\/\/www.fautras.it\/wp-content\/uploads\/2014\/07\/camion_duras_elite.jpg\" alt=\"Mod\u00e8le pr\u00e9sent\u00e9 : DURAS Elite avec option porte lat\u00e9rale acc\u00e8s cabine\" width=\"573\" height=\"299\" srcset=\"https:\/\/www.fautras.it\/wp-content\/uploads\/2014\/07\/camion_duras_elite.jpg 573w, https:\/\/www.fautras.it\/wp-content\/uploads\/2014\/07\/camion_duras_elite-300x156.jpg 300w, https:\/\/www.fautras.it\/wp-content\/uploads\/2014\/07\/camion_duras_elite-571x297.jpg 571w, https:\/\/www.fautras.it\/wp-content\/uploads\/2014\/07\/camion_duras_elite-371x193.jpg 371w, https:\/\/www.fautras.it\/wp-content\/uploads\/2014\/07\/camion_duras_elite-271x141.jpg 271w\" sizes=\"(max-width: 573px) 100vw, 573px\" \/><p id=\"caption-attachment-827\" class=\"wp-caption-text\">Mod\u00e8le pr\u00e9sent\u00e9 : DURAS Elite avec option porte lat\u00e9rale acc\u00e8s cabine<\/p><\/div>\n<\/div>\n<div class=\"grid4\">\n<div id=\"attachment_814\" style=\"width: 251px\" class=\"wp-caption aligncenter\"><img loading=\"lazy\" decoding=\"async\" aria-describedby=\"caption-attachment-814\" class=\"size-full wp-image-814\" src=\"http:\/\/www.fautras.it\/wp-content\/uploads\/2014\/07\/camion-vl_duras1.jpg\" alt=\"Camion VL - Mod\u00e8le DURAS version 3 avec option porte lat\u00e9rale acc\u00e8s cabine\" width=\"241\" height=\"185\" \/><p id=\"caption-attachment-814\" class=\"wp-caption-text\">Camion VL &#8211; Mod\u00e8le DURAS version 3 avec option porte lat\u00e9rale acc\u00e8s cabine<\/p><\/div>\n<div id=\"attachment_815\" style=\"width: 251px\" class=\"wp-caption aligncenter\"><img loading=\"lazy\" decoding=\"async\" aria-describedby=\"caption-attachment-815\" class=\"wp-image-815 size-full\" src=\"http:\/\/www.fautras.it\/wp-content\/uploads\/2014\/07\/camion-vl_duras-elite.jpg\" alt=\"Camion VL DURAS Elite\" width=\"241\" height=\"185\" \/><p id=\"caption-attachment-815\" class=\"wp-caption-text\">Camion VL DURAS Elite<\/p><\/div>\n<\/div>\n<\/div>\n<div class=\"space\"><\/div>\n<div class=\"slidable\">\n<div class=\"slide\">\n<div class=\"boxgroup\">\n<div class=\"grid4\">\n<div class=\"box color2\">\n<h5 class=\" color1\">VERSION 1<\/h5>\n<div id=\"attachment_818\" style=\"width: 237px\" class=\"wp-caption aligncenter\"><a href=\"http:\/\/www.fautras.it\/wp-content\/uploads\/2014\/07\/VL_chassis-court.jpg\"><img loading=\"lazy\" decoding=\"async\" aria-describedby=\"caption-attachment-818\" class=\"wp-image-818\" src=\"http:\/\/www.fautras.it\/wp-content\/uploads\/2014\/07\/VL_chassis-court.jpg\" alt=\"Camion VL version 1 : CHASSIS COURT\" width=\"227\" height=\"170\" srcset=\"https:\/\/www.fautras.it\/wp-content\/uploads\/2014\/07\/VL_chassis-court.jpg 400w, https:\/\/www.fautras.it\/wp-content\/uploads\/2014\/07\/VL_chassis-court-300x225.jpg 300w, https:\/\/www.fautras.it\/wp-content\/uploads\/2014\/07\/VL_chassis-court-371x278.jpg 371w, https:\/\/www.fautras.it\/wp-content\/uploads\/2014\/07\/VL_chassis-court-271x203.jpg 271w\" sizes=\"(max-width: 227px) 100vw, 227px\" \/><\/a><p id=\"caption-attachment-818\" class=\"wp-caption-text\">Camion VL version 1 : CHASSIS COURT<\/p><\/div>\n<\/div>\n<\/div>\n<div class=\"grid4\">\n<div class=\"box color2\">\n<h5 class=\" color1\">VERSION 2<\/h5>\n<div id=\"attachment_819\" style=\"width: 237px\" class=\"wp-caption aligncenter\"><a href=\"http:\/\/www.fautras.it\/wp-content\/uploads\/2014\/07\/vl_stalle.jpg\"><img loading=\"lazy\" decoding=\"async\" aria-describedby=\"caption-attachment-819\" class=\"wp-image-819\" src=\"http:\/\/www.fautras.it\/wp-content\/uploads\/2014\/07\/vl_stalle.jpg\" alt=\"Camion VL version 2 : STALLE + GRANDE SELLERIE\" width=\"227\" height=\"170\" srcset=\"https:\/\/www.fautras.it\/wp-content\/uploads\/2014\/07\/vl_stalle.jpg 400w, https:\/\/www.fautras.it\/wp-content\/uploads\/2014\/07\/vl_stalle-300x225.jpg 300w, https:\/\/www.fautras.it\/wp-content\/uploads\/2014\/07\/vl_stalle-371x278.jpg 371w, https:\/\/www.fautras.it\/wp-content\/uploads\/2014\/07\/vl_stalle-271x203.jpg 271w\" sizes=\"(max-width: 227px) 100vw, 227px\" \/><\/a><p id=\"caption-attachment-819\" class=\"wp-caption-text\">Camion VL version 2 : STALLE + GRANDE SELLERIE<\/p><\/div>\n<\/div>\n<\/div>\n<div class=\"grid4\">\n<div class=\"box color2\">\n<h5 class=\" color1\">VERSION 3<\/h5>\n<div id=\"attachment_820\" style=\"width: 237px\" class=\"wp-caption aligncenter\"><a href=\"http:\/\/www.fautras.it\/wp-content\/uploads\/2014\/07\/vl_cabine.jpg\"><img loading=\"lazy\" decoding=\"async\" aria-describedby=\"caption-attachment-820\" class=\"wp-image-820\" src=\"http:\/\/www.fautras.it\/wp-content\/uploads\/2014\/07\/vl_cabine.jpg\" alt=\"Camion VL version 3 : CABINE APPROFONDIE 5 places\" width=\"227\" height=\"170\" srcset=\"https:\/\/www.fautras.it\/wp-content\/uploads\/2014\/07\/vl_cabine.jpg 400w, https:\/\/www.fautras.it\/wp-content\/uploads\/2014\/07\/vl_cabine-300x225.jpg 300w, https:\/\/www.fautras.it\/wp-content\/uploads\/2014\/07\/vl_cabine-371x278.jpg 371w, https:\/\/www.fautras.it\/wp-content\/uploads\/2014\/07\/vl_cabine-271x203.jpg 271w\" sizes=\"(max-width: 227px) 100vw, 227px\" \/><\/a><p id=\"caption-attachment-820\" class=\"wp-caption-text\">Camion VL version 3 : CABINE APPROFONDIE 5 places<\/p><\/div>\n<\/div>\n<\/div>\n<\/div>\n<\/div>\n<div class=\"slide\">\n<div class=\"boxgroup\">\n<div class=\"grid4\">\n<div class=\"box color2\">\n<h5 class=\" color1\">VERSION 4<\/h5>\n<div id=\"attachment_821\" style=\"width: 237px\" class=\"wp-caption aligncenter\"><a href=\"http:\/\/www.fautras.it\/wp-content\/uploads\/2014\/07\/vl_oblic.jpg\"><img loading=\"lazy\" decoding=\"async\" aria-describedby=\"caption-attachment-821\" class=\"wp-image-821\" src=\"http:\/\/www.fautras.it\/wp-content\/uploads\/2014\/07\/vl_oblic.jpg\" alt=\"Camion VL version 4 : OBLIC\" width=\"227\" height=\"170\" srcset=\"https:\/\/www.fautras.it\/wp-content\/uploads\/2014\/07\/vl_oblic.jpg 400w, https:\/\/www.fautras.it\/wp-content\/uploads\/2014\/07\/vl_oblic-300x225.jpg 300w, https:\/\/www.fautras.it\/wp-content\/uploads\/2014\/07\/vl_oblic-371x278.jpg 371w, https:\/\/www.fautras.it\/wp-content\/uploads\/2014\/07\/vl_oblic-271x203.jpg 271w\" sizes=\"(max-width: 227px) 100vw, 227px\" \/><\/a><p id=\"caption-attachment-821\" class=\"wp-caption-text\">Camion VL version 4 : OBLIC<\/p><\/div>\n<\/div>\n<\/div>\n<div class=\"grid4\">\n<div class=\"box color2\">\n<h5 class=\" color1\">Caisse<\/h5>\n<div id=\"attachment_822\" style=\"width: 237px\" class=\"wp-caption aligncenter\"><a href=\"http:\/\/www.fautras.it\/wp-content\/uploads\/2014\/07\/vl_structure.jpg\"><img loading=\"lazy\" decoding=\"async\" aria-describedby=\"caption-attachment-822\" class=\"wp-image-822\" src=\"http:\/\/www.fautras.it\/wp-content\/uploads\/2014\/07\/vl_structure.jpg\" alt=\"Caisse polyester isol\u00e9e double peau. Grande capucine avec plancher de charge\" width=\"227\" height=\"170\" srcset=\"https:\/\/www.fautras.it\/wp-content\/uploads\/2014\/07\/vl_structure.jpg 400w, https:\/\/www.fautras.it\/wp-content\/uploads\/2014\/07\/vl_structure-300x225.jpg 300w, https:\/\/www.fautras.it\/wp-content\/uploads\/2014\/07\/vl_structure-371x278.jpg 371w, https:\/\/www.fautras.it\/wp-content\/uploads\/2014\/07\/vl_structure-271x203.jpg 271w\" sizes=\"(max-width: 227px) 100vw, 227px\" \/><\/a><p id=\"caption-attachment-822\" class=\"wp-caption-text\">Caisse polyester isol\u00e9e double peau. Grande capucine avec plancher de charge<\/p><\/div>\n<\/div>\n<\/div>\n<div class=\"grid4\">\n<div class=\"box color2\">\n<h5 class=\" color1\">Structure<\/h5>\n<div id=\"attachment_823\" style=\"width: 237px\" class=\"wp-caption aligncenter\"><a href=\"http:\/\/www.fautras.it\/wp-content\/uploads\/2014\/07\/vl_structure-securise.jpg\"><img loading=\"lazy\" decoding=\"async\" aria-describedby=\"caption-attachment-823\" class=\"wp-image-823\" src=\"http:\/\/www.fautras.it\/wp-content\/uploads\/2014\/07\/vl_structure-securise.jpg\" alt=\"Arceaux de s\u00e9curit\u00e9 ALUMINIUM - Pare-choc arri\u00e8re ind\u00e9pendant\" width=\"227\" height=\"170\" srcset=\"https:\/\/www.fautras.it\/wp-content\/uploads\/2014\/07\/vl_structure-securise.jpg 400w, https:\/\/www.fautras.it\/wp-content\/uploads\/2014\/07\/vl_structure-securise-300x225.jpg 300w, https:\/\/www.fautras.it\/wp-content\/uploads\/2014\/07\/vl_structure-securise-371x278.jpg 371w, https:\/\/www.fautras.it\/wp-content\/uploads\/2014\/07\/vl_structure-securise-271x203.jpg 271w\" sizes=\"(max-width: 227px) 100vw, 227px\" \/><\/a><p id=\"caption-attachment-823\" class=\"wp-caption-text\">Arceaux de s\u00e9curit\u00e9 ALUMINIUM &#8211; Pare-choc arri\u00e8re ind\u00e9pendant<\/p><\/div>\n<\/div>\n<\/div>\n<\/div>\n<\/div>\n<div class=\"slide\">\n<div class=\"boxgroup\">\n<div class=\"grid4\">\n<div class=\"box color2\">\n<h5 class=\" color1\">Banquette 3 places<\/h5>\n<div id=\"attachment_830\" style=\"width: 237px\" class=\"wp-caption aligncenter\"><a href=\"http:\/\/www.fautras.it\/wp-content\/uploads\/2014\/07\/banquette-3places_VL.jpg\"><img loading=\"lazy\" decoding=\"async\" aria-describedby=\"caption-attachment-830\" class=\"wp-image-830\" src=\"http:\/\/www.fautras.it\/wp-content\/uploads\/2014\/07\/banquette-3places_VL.jpg\" alt=\"Banquette 3 places homologu\u00e9es dans version cabine approfondie\" width=\"227\" height=\"170\" srcset=\"https:\/\/www.fautras.it\/wp-content\/uploads\/2014\/07\/banquette-3places_VL.jpg 400w, https:\/\/www.fautras.it\/wp-content\/uploads\/2014\/07\/banquette-3places_VL-300x225.jpg 300w, https:\/\/www.fautras.it\/wp-content\/uploads\/2014\/07\/banquette-3places_VL-371x278.jpg 371w, https:\/\/www.fautras.it\/wp-content\/uploads\/2014\/07\/banquette-3places_VL-271x203.jpg 271w\" sizes=\"(max-width: 227px) 100vw, 227px\" \/><\/a><p id=\"caption-attachment-830\" class=\"wp-caption-text\">Banquette 3 places homologu\u00e9es dans version cabine approfondie (option int\u00e9rieur cuir v\u00e9ritable). Assise relevable donnant acc\u00e8s \u00e0 un coffre de rangement<\/p><\/div>\n<\/div>\n<\/div>\n<div class=\"grid4\">\n<div class=\"box color2\">\n<h5 class=\" color1\">Couchette<\/h5>\n<div id=\"attachment_831\" style=\"width: 237px\" class=\"wp-caption aligncenter\"><a href=\"http:\/\/www.fautras.it\/wp-content\/uploads\/2014\/07\/couchette_VL.jpg\"><img loading=\"lazy\" decoding=\"async\" aria-describedby=\"caption-attachment-831\" class=\"wp-image-831\" src=\"http:\/\/www.fautras.it\/wp-content\/uploads\/2014\/07\/couchette_VL.jpg\" alt=\"Option transformation banquette en couchette 80cm de large\" width=\"227\" height=\"170\" srcset=\"https:\/\/www.fautras.it\/wp-content\/uploads\/2014\/07\/couchette_VL.jpg 400w, https:\/\/www.fautras.it\/wp-content\/uploads\/2014\/07\/couchette_VL-300x225.jpg 300w, https:\/\/www.fautras.it\/wp-content\/uploads\/2014\/07\/couchette_VL-371x278.jpg 371w, https:\/\/www.fautras.it\/wp-content\/uploads\/2014\/07\/couchette_VL-271x203.jpg 271w\" sizes=\"(max-width: 227px) 100vw, 227px\" \/><\/a><p id=\"caption-attachment-831\" class=\"wp-caption-text\">Option transformation banquette en couchette 80cm de large. Rallonge banquette sous glissi\u00e8re (dissimul\u00e9e sous l&rsquo;assise)<\/p><\/div>\n<\/div>\n<\/div>\n<div class=\"grid4\">\n<div class=\"box color2\">\n<h5 class=\" color1\">Pack Convivialit\u00e9<\/h5>\n<div id=\"attachment_832\" style=\"width: 237px\" class=\"wp-caption aligncenter\"><a href=\"http:\/\/www.fautras.it\/wp-content\/uploads\/2014\/07\/table_VL.jpg\"><img loading=\"lazy\" decoding=\"async\" aria-describedby=\"caption-attachment-832\" class=\"wp-image-832\" src=\"http:\/\/www.fautras.it\/wp-content\/uploads\/2014\/07\/table_VL.jpg\" alt=\"Option Pack Convivialit\u00e9 : Si\u00e8ges pivotants et table bois\" width=\"227\" height=\"170\" srcset=\"https:\/\/www.fautras.it\/wp-content\/uploads\/2014\/07\/table_VL.jpg 400w, https:\/\/www.fautras.it\/wp-content\/uploads\/2014\/07\/table_VL-300x225.jpg 300w, https:\/\/www.fautras.it\/wp-content\/uploads\/2014\/07\/table_VL-371x278.jpg 371w, https:\/\/www.fautras.it\/wp-content\/uploads\/2014\/07\/table_VL-271x203.jpg 271w\" sizes=\"(max-width: 227px) 100vw, 227px\" \/><\/a><p id=\"caption-attachment-832\" class=\"wp-caption-text\">Option Pack Convivialit\u00e9 : Si\u00e8ges pivotants et table bois<\/p><\/div>\n<\/div>\n<\/div>\n<\/div>\n<\/div>\n<div class=\"slide\">\n<div class=\"boxgroup\">\n<div class=\"grid4\">\n<div class=\"box color2\">\n<h5 class=\" color1\">Coffre Sellerie<\/h5>\n<div id=\"attachment_834\" style=\"width: 237px\" class=\"wp-caption aligncenter\"><a href=\"http:\/\/www.fautras.it\/wp-content\/uploads\/2014\/07\/coffre_VL.jpg\"><img loading=\"lazy\" decoding=\"async\" aria-describedby=\"caption-attachment-834\" class=\"wp-image-834\" src=\"http:\/\/www.fautras.it\/wp-content\/uploads\/2014\/07\/coffre_VL.jpg\" alt=\"Coffre sellerie amovible en quelques mn, sans outil (+ option volets d'acc\u00e8s)\" width=\"227\" height=\"170\" srcset=\"https:\/\/www.fautras.it\/wp-content\/uploads\/2014\/07\/coffre_VL.jpg 400w, https:\/\/www.fautras.it\/wp-content\/uploads\/2014\/07\/coffre_VL-300x225.jpg 300w, https:\/\/www.fautras.it\/wp-content\/uploads\/2014\/07\/coffre_VL-371x278.jpg 371w, https:\/\/www.fautras.it\/wp-content\/uploads\/2014\/07\/coffre_VL-271x203.jpg 271w\" sizes=\"(max-width: 227px) 100vw, 227px\" \/><\/a><p id=\"caption-attachment-834\" class=\"wp-caption-text\">Coffre sellerie amovible en quelques mn, sans outil (+ option volets d&rsquo;acc\u00e8s)<\/p><\/div>\n<\/div>\n<\/div>\n<div class=\"grid4\">\n<div class=\"box color2\">\n<h5 class=\" color1\">S\u00e9paration souple FAUTRAS TECH<\/h5>\n<div id=\"attachment_835\" style=\"width: 237px\" class=\"wp-caption aligncenter\"><a href=\"http:\/\/www.fautras.it\/wp-content\/uploads\/2014\/07\/separations-souples_VL.jpg\"><img loading=\"lazy\" decoding=\"async\" aria-describedby=\"caption-attachment-835\" class=\"wp-image-835\" src=\"http:\/\/www.fautras.it\/wp-content\/uploads\/2014\/07\/separations-souples_VL.jpg\" alt=\"S\u00e9paration souple FAUTRAS TECH pour plus de confort, d\u00e9montable et coulissante (sur roulements)\" width=\"227\" height=\"170\" srcset=\"https:\/\/www.fautras.it\/wp-content\/uploads\/2014\/07\/separations-souples_VL.jpg 400w, https:\/\/www.fautras.it\/wp-content\/uploads\/2014\/07\/separations-souples_VL-300x225.jpg 300w, https:\/\/www.fautras.it\/wp-content\/uploads\/2014\/07\/separations-souples_VL-371x278.jpg 371w, https:\/\/www.fautras.it\/wp-content\/uploads\/2014\/07\/separations-souples_VL-271x203.jpg 271w\" sizes=\"(max-width: 227px) 100vw, 227px\" \/><\/a><p id=\"caption-attachment-835\" class=\"wp-caption-text\">S\u00e9paration souple FAUTRAS TECH pour plus de confort, d\u00e9montable et coulissante (sur roulements)<\/p><\/div>\n<\/div>\n<\/div>\n<div class=\"grid4\">\n<div class=\"box color2\">\n<h5 class=\" color1\">Tapis de sol<\/h5>\n<div id=\"attachment_825\" style=\"width: 237px\" class=\"wp-caption aligncenter\"><a href=\"http:\/\/www.fautras.it\/wp-content\/uploads\/2014\/07\/vl_tapis-sol.jpg\"><img loading=\"lazy\" decoding=\"async\" aria-describedby=\"caption-attachment-825\" class=\"wp-image-825\" src=\"http:\/\/www.fautras.it\/wp-content\/uploads\/2014\/07\/vl_tapis-sol.jpg\" alt=\"Tapis de sol CONFORT anti-d\u00e9rapant et ultra-r\u00e9sistant : \u00e9paisseur de 20 mm\" width=\"227\" height=\"170\" srcset=\"https:\/\/www.fautras.it\/wp-content\/uploads\/2014\/07\/vl_tapis-sol.jpg 400w, https:\/\/www.fautras.it\/wp-content\/uploads\/2014\/07\/vl_tapis-sol-300x225.jpg 300w, https:\/\/www.fautras.it\/wp-content\/uploads\/2014\/07\/vl_tapis-sol-371x278.jpg 371w, https:\/\/www.fautras.it\/wp-content\/uploads\/2014\/07\/vl_tapis-sol-271x203.jpg 271w\" sizes=\"(max-width: 227px) 100vw, 227px\" \/><\/a><p id=\"caption-attachment-825\" class=\"wp-caption-text\">Tapis de sol CONFORT anti-d\u00e9rapant et ultra-r\u00e9sistant : \u00e9paisseur de 20 mm<\/p><\/div>\n<\/div>\n<\/div>\n<\/div>\n<\/div>\n<\/div>\n","protected":false},"excerpt":{"rendered":"","protected":false},"author":3,"featured_media":0,"parent":136,"menu_order":0,"comment_status":"closed","ping_status":"closed","template":"","meta":{"footnotes":""},"_links":{"self":[{"href":"https:\/\/www.fautras.it\/fr\/wp-json\/wp\/v2\/pages\/451\/"}],"collection":[{"href":"https:\/\/www.fautras.it\/fr\/wp-json\/wp\/v2\/pages\/"}],"about":[{"href":"https:\/\/www.fautras.it\/fr\/wp-json\/wp\/v2\/types\/page\/"}],"author":[{"embeddable":true,"href":"https:\/\/www.fautras.it\/fr\/wp-json\/wp\/v2\/users\/3\/"}],"replies":[{"embeddable":true,"href":"https:\/\/www.fautras.it\/fr\/wp-json\/wp\/v2\/comments\/?post=451"}],"version-history":[{"count":0,"href":"https:\/\/www.fautras.it\/fr\/wp-json\/wp\/v2\/pages\/451\/revisions\/"}],"up":[{"embeddable":true,"href":"https:\/\/www.fautras.it\/fr\/wp-json\/wp\/v2\/pages\/136\/"}],"wp:attachment":[{"href":"https:\/\/www.fautras.it\/fr\/wp-json\/wp\/v2\/media\/?parent=451"}],"curies":[{"name":"wp","href":"https:\/\/api.w.org\/{rel}","templated":true}]}}